{"id":865,"date":"2024-04-09T13:20:59","date_gmt":"2024-04-09T11:20:59","guid":{"rendered":"https:\/\/d-nest.be\/?page_id=865"},"modified":"2024-05-21T17:02:07","modified_gmt":"2024-05-21T15:02:07","slug":"engagement-environnemental-et-social","status":"publish","type":"page","link":"https:\/\/d-nest.be\/index.php\/engagement-environnemental-et-social\/","title":{"rendered":"Engagement environnemental et social"},"content":{"rendered":"\t\t<div data-elementor-type=\"wp-page\" data-elementor-id=\"865\" class=\"elementor elementor-865\" data-elementor-post-type=\"page\">\n\t\t\t\t<div class=\"elementor-element elementor-element-d1d4b7d e-flex e-con-boxed e-con e-parent\" data-id=\"d1d4b7d\" data-element_type=\"container\" data-e-type=\"container\">\n\t\t\t\t\t<div class=\"e-con-inner\">\n\t\t<div class=\"elementor-element elementor-element-9cd1a14 e-con-full e-flex e-con e-child\" data-id=\"9cd1a14\" data-element_type=\"container\" data-e-type=\"container\">\n\t\t\t\t<div class=\"elementor-element elementor-element-a367196 elementor-widget elementor-widget-heading\" data-id=\"a367196\" data-element_type=\"widget\" data-e-type=\"widget\" data-widget_type=\"heading.default\">\n\t\t\t\t<div class=\"elementor-widget-container\">\n\t\t\t\t\t<h3 class=\"elementor-heading-title elementor-size-default\">Engagement environnemental et social<\/h3>\t\t\t\t<\/div>\n\t\t\t\t<\/div>\n\t\t\t\t<div class=\"elementor-element elementor-element-9145dd5 elementor-widget elementor-widget-text-editor\" data-id=\"9145dd5\" data-element_type=\"widget\" data-e-type=\"widget\" data-widget_type=\"text-editor.default\">\n\t\t\t\t<div class=\"elementor-widget-container\">\n\t\t\t\t\t\t\t\t\t<p>Parce qu\u2019am\u00e9liorer notre d\u00e9marche sociale et environnementale est un engagement que nous devons prendre afin de pr\u00e9parer le futur de la plan\u00e8te et de nos enfants, lors de chaque vente, nous contribuerons \u00e0 soutenir par un don, l\u2019organisation que vous aurez choisie parmi les trois associations reprises ci-dessous<b>\u00a0<\/b><\/p><p><a href=\"https:\/\/cancer.be\/\">Fondation contre le Cancer<\/a><\/p><p><a href=\"https:\/\/www.natagora.be\/\">Natagora<\/a><\/p><p><a href=\"https:\/\/www.facebook.com\/p\/Baby-bulle-asbl-100038812216489\/\" target=\"_blank\" rel=\"noopener\">Baby Bulle<\/a><\/p><p>\u00a0<\/p>\t\t\t\t\t\t\t\t<\/div>\n\t\t\t\t<\/div>\n\t\t\t\t<\/div>\n\t\t<div class=\"elementor-element elementor-element-299d54c e-con-full e-flex e-con e-child\" data-id=\"299d54c\" data-element_type=\"container\" data-e-type=\"container\">\n\t\t\t\t<div class=\"elementor-element elementor-element-c479e9e elementor-widget elementor-widget-image\" data-id=\"c479e9e\" data-element_type=\"widget\" data-e-type=\"widget\" data-widget_type=\"image.default\">\n\t\t\t\t<div class=\"elementor-widget-container\">\n\t\t\t\t\t\t\t\t\t\t\t\t\t\t\t\t<a href=\"https:\/\/cancer.be\/\">\n\t\t\t\t\t\t\t<img fetchpriority=\"high\" decoding=\"async\" width=\"800\" height=\"440\" src=\"https:\/\/d-nest.be\/wp-content\/uploads\/2024\/04\/Screenshot-2024-01-30-152016-800x0-c-default.png\" class=\"attachment-large size-large wp-image-1261\" alt=\"fondation contre le cancer\" srcset=\"https:\/\/d-nest.be\/wp-content\/uploads\/2024\/04\/Screenshot-2024-01-30-152016-800x0-c-default.png 800w, https:\/\/d-nest.be\/wp-content\/uploads\/2024\/04\/Screenshot-2024-01-30-152016-800x0-c-default-300x165.png 300w, https:\/\/d-nest.be\/wp-content\/uploads\/2024\/04\/Screenshot-2024-01-30-152016-800x0-c-default-768x422.png 768w\" sizes=\"(max-width: 800px) 100vw, 800px\" \/>\t\t\t\t\t\t\t\t<\/a>\n\t\t\t\t\t\t\t\t\t\t\t\t\t\t\t<\/div>\n\t\t\t\t<\/div>\n\t\t\t\t<div class=\"elementor-element elementor-element-0285497 elementor-widget elementor-widget-image\" data-id=\"0285497\" data-element_type=\"widget\" data-e-type=\"widget\" data-widget_type=\"image.default\">\n\t\t\t\t<div class=\"elementor-widget-container\">\n\t\t\t\t\t\t\t\t\t\t\t\t\t\t\t\t<a href=\"https:\/\/www.natagora.be\/\">\n\t\t\t\t\t\t\t<img decoding=\"async\" width=\"800\" height=\"756\" src=\"https:\/\/d-nest.be\/wp-content\/uploads\/2024\/04\/Natagora_logo_carre.png\" class=\"attachment-large size-large wp-image-1263\" alt=\"\" srcset=\"https:\/\/d-nest.be\/wp-content\/uploads\/2024\/04\/Natagora_logo_carre.png 871w, https:\/\/d-nest.be\/wp-content\/uploads\/2024\/04\/Natagora_logo_carre-300x283.png 300w, https:\/\/d-nest.be\/wp-content\/uploads\/2024\/04\/Natagora_logo_carre-768x726.png 768w\" sizes=\"(max-width: 800px) 100vw, 800px\" \/>\t\t\t\t\t\t\t\t<\/a>\n\t\t\t\t\t\t\t\t\t\t\t\t\t\t\t<\/div>\n\t\t\t\t<\/div>\n\t\t\t\t<div class=\"elementor-element elementor-element-d91c365 elementor-widget elementor-widget-image\" data-id=\"d91c365\" data-element_type=\"widget\" data-e-type=\"widget\" data-widget_type=\"image.default\">\n\t\t\t\t<div class=\"elementor-widget-container\">\n\t\t\t\t\t\t\t\t\t\t\t\t\t\t\t\t<a href=\"https:\/\/www.facebook.com\/photo\/?fbid=750690219568045&#038;set=a.750690182901382\">\n\t\t\t\t\t\t\t<img decoding=\"async\" width=\"367\" height=\"367\" src=\"https:\/\/d-nest.be\/wp-content\/uploads\/2024\/05\/305398135_750690209568046_8883259736936425618_n.jpg\" class=\"attachment-large size-large wp-image-1794\" alt=\"Baby Bulle ASBL\" srcset=\"https:\/\/d-nest.be\/wp-content\/uploads\/2024\/05\/305398135_750690209568046_8883259736936425618_n.jpg 367w, https:\/\/d-nest.be\/wp-content\/uploads\/2024\/05\/305398135_750690209568046_8883259736936425618_n-300x300.jpg 300w, https:\/\/d-nest.be\/wp-content\/uploads\/2024\/05\/305398135_750690209568046_8883259736936425618_n-150x150.jpg 150w\" sizes=\"(max-width: 367px) 100vw, 367px\" \/>\t\t\t\t\t\t\t\t<\/a>\n\t\t\t\t\t\t\t\t\t\t\t\t\t\t\t<\/div>\n\t\t\t\t<\/div>\n\t\t\t\t<\/div>\n\t\t\t\t\t<\/div>\n\t\t\t\t<\/div>\n\t\t\t\t<\/div>\n\t\t","protected":false},"excerpt":{"rendered":"<p>Engagement environnemental et social Parce qu\u2019am\u00e9liorer notre d\u00e9marche sociale et environnementale est un engagement que nous devons prendre afin de pr\u00e9parer le futur de la plan\u00e8te et de nos enfants, lors de chaque vente, nous contribuerons \u00e0 soutenir par un don, l\u2019organisation que vous aurez choisie parmi les trois associations reprises ci-dessous\u00a0 Fondation contre le [&hellip;]<\/p>\n","protected":false},"author":1,"featured_media":0,"parent":0,"menu_order":0,"comment_status":"closed","ping_status":"closed","template":"","meta":{"footnotes":""},"class_list":["post-865","page","type-page","status-publish","hentry"],"yoast_head":"<!-- This site is optimized with the Yoast SEO plugin v24.6 - https:\/\/yoast.com\/wordpress\/plugins\/seo\/ -->\n<title>Engagement environnemental et social - D-nest<\/title>\n<meta name=\"robots\" content=\"index, follow, max-snippet:-1, max-image-preview:large, max-video-preview:-1\" \/>\n<link rel=\"canonical\" href=\"https:\/\/d-nest.be\/index.php\/engagement-environnemental-et-social\/\" \/>\n<meta property=\"og:locale\" content=\"en_US\" \/>\n<meta property=\"og:type\" content=\"article\" \/>\n<meta property=\"og:title\" content=\"Engagement environnemental et social - D-nest\" \/>\n<meta property=\"og:description\" content=\"Engagement environnemental et social Parce qu\u2019am\u00e9liorer notre d\u00e9marche sociale et environnementale est un engagement que nous devons prendre afin de pr\u00e9parer le futur de la plan\u00e8te et de nos enfants, lors de chaque vente, nous contribuerons \u00e0 soutenir par un don, l\u2019organisation que vous aurez choisie parmi les trois associations reprises ci-dessous\u00a0 Fondation contre le [&hellip;]\" \/>\n<meta property=\"og:url\" content=\"https:\/\/d-nest.be\/index.php\/engagement-environnemental-et-social\/\" \/>\n<meta property=\"og:site_name\" content=\"D-nest\" \/>\n<meta property=\"article:modified_time\" content=\"2024-05-21T15:02:07+00:00\" \/>\n<meta property=\"og:image\" content=\"https:\/\/d-nest.be\/wp-content\/uploads\/2024\/04\/Screenshot-2024-01-30-152016-800x0-c-default.png\" \/>\n<meta name=\"twitter:card\" content=\"summary_large_image\" \/>\n<script type=\"application\/ld+json\" class=\"yoast-schema-graph\">{\"@context\":\"https:\/\/schema.org\",\"@graph\":[{\"@type\":\"WebPage\",\"@id\":\"https:\/\/d-nest.be\/index.php\/engagement-environnemental-et-social\/\",\"url\":\"https:\/\/d-nest.be\/index.php\/engagement-environnemental-et-social\/\",\"name\":\"Engagement environnemental et social - D-nest\",\"isPartOf\":{\"@id\":\"https:\/\/d-nest.be\/#website\"},\"primaryImageOfPage\":{\"@id\":\"https:\/\/d-nest.be\/index.php\/engagement-environnemental-et-social\/#primaryimage\"},\"image\":{\"@id\":\"https:\/\/d-nest.be\/index.php\/engagement-environnemental-et-social\/#primaryimage\"},\"thumbnailUrl\":\"https:\/\/d-nest.be\/wp-content\/uploads\/2024\/04\/Screenshot-2024-01-30-152016-800x0-c-default.png\",\"datePublished\":\"2024-04-09T11:20:59+00:00\",\"dateModified\":\"2024-05-21T15:02:07+00:00\",\"breadcrumb\":{\"@id\":\"https:\/\/d-nest.be\/index.php\/engagement-environnemental-et-social\/#breadcrumb\"},\"inLanguage\":\"en-US\",\"potentialAction\":[{\"@type\":\"ReadAction\",\"target\":[\"https:\/\/d-nest.be\/index.php\/engagement-environnemental-et-social\/\"]}]},{\"@type\":\"ImageObject\",\"inLanguage\":\"en-US\",\"@id\":\"https:\/\/d-nest.be\/index.php\/engagement-environnemental-et-social\/#primaryimage\",\"url\":\"https:\/\/d-nest.be\/wp-content\/uploads\/2024\/04\/Screenshot-2024-01-30-152016-800x0-c-default.png\",\"contentUrl\":\"https:\/\/d-nest.be\/wp-content\/uploads\/2024\/04\/Screenshot-2024-01-30-152016-800x0-c-default.png\",\"width\":800,\"height\":440,\"caption\":\"fondation contre le cancer\"},{\"@type\":\"BreadcrumbList\",\"@id\":\"https:\/\/d-nest.be\/index.php\/engagement-environnemental-et-social\/#breadcrumb\",\"itemListElement\":[{\"@type\":\"ListItem\",\"position\":1,\"name\":\"Accueil\",\"item\":\"https:\/\/d-nest.be\/\"},{\"@type\":\"ListItem\",\"position\":2,\"name\":\"Engagement environnemental et social\"}]},{\"@type\":\"WebSite\",\"@id\":\"https:\/\/d-nest.be\/#website\",\"url\":\"https:\/\/d-nest.be\/\",\"name\":\"D-nest\",\"description\":\"\",\"publisher\":{\"@id\":\"https:\/\/d-nest.be\/#organization\"},\"potentialAction\":[{\"@type\":\"SearchAction\",\"target\":{\"@type\":\"EntryPoint\",\"urlTemplate\":\"https:\/\/d-nest.be\/?s={search_term_string}\"},\"query-input\":{\"@type\":\"PropertyValueSpecification\",\"valueRequired\":true,\"valueName\":\"search_term_string\"}}],\"inLanguage\":\"en-US\"},{\"@type\":\"Organization\",\"@id\":\"https:\/\/d-nest.be\/#organization\",\"name\":\"D-nest\",\"url\":\"https:\/\/d-nest.be\/\",\"logo\":{\"@type\":\"ImageObject\",\"inLanguage\":\"en-US\",\"@id\":\"https:\/\/d-nest.be\/#\/schema\/logo\/image\/\",\"url\":\"https:\/\/d-nest.be\/wp-content\/uploads\/2024\/01\/3-dnest-fullcolor.png\",\"contentUrl\":\"https:\/\/d-nest.be\/wp-content\/uploads\/2024\/01\/3-dnest-fullcolor.png\",\"width\":1520,\"height\":682,\"caption\":\"D-nest\"},\"image\":{\"@id\":\"https:\/\/d-nest.be\/#\/schema\/logo\/image\/\"}}]}<\/script>\n<!-- \/ Yoast SEO plugin. -->","yoast_head_json":{"title":"Engagement environnemental et social - D-nest","robots":{"index":"index","follow":"follow","max-snippet":"max-snippet:-1","max-image-preview":"max-image-preview:large","max-video-preview":"max-video-preview:-1"},"canonical":"https:\/\/d-nest.be\/index.php\/engagement-environnemental-et-social\/","og_locale":"en_US","og_type":"article","og_title":"Engagement environnemental et social - D-nest","og_description":"Engagement environnemental et social Parce qu\u2019am\u00e9liorer notre d\u00e9marche sociale et environnementale est un engagement que nous devons prendre afin de pr\u00e9parer le futur de la plan\u00e8te et de nos enfants, lors de chaque vente, nous contribuerons \u00e0 soutenir par un don, l\u2019organisation que vous aurez choisie parmi les trois associations reprises ci-dessous\u00a0 Fondation contre le [&hellip;]","og_url":"https:\/\/d-nest.be\/index.php\/engagement-environnemental-et-social\/","og_site_name":"D-nest","article_modified_time":"2024-05-21T15:02:07+00:00","og_image":[{"url":"https:\/\/d-nest.be\/wp-content\/uploads\/2024\/04\/Screenshot-2024-01-30-152016-800x0-c-default.png","type":"","width":"","height":""}],"twitter_card":"summary_large_image","schema":{"@context":"https:\/\/schema.org","@graph":[{"@type":"WebPage","@id":"https:\/\/d-nest.be\/index.php\/engagement-environnemental-et-social\/","url":"https:\/\/d-nest.be\/index.php\/engagement-environnemental-et-social\/","name":"Engagement environnemental et social - D-nest","isPartOf":{"@id":"https:\/\/d-nest.be\/#website"},"primaryImageOfPage":{"@id":"https:\/\/d-nest.be\/index.php\/engagement-environnemental-et-social\/#primaryimage"},"image":{"@id":"https:\/\/d-nest.be\/index.php\/engagement-environnemental-et-social\/#primaryimage"},"thumbnailUrl":"https:\/\/d-nest.be\/wp-content\/uploads\/2024\/04\/Screenshot-2024-01-30-152016-800x0-c-default.png","datePublished":"2024-04-09T11:20:59+00:00","dateModified":"2024-05-21T15:02:07+00:00","breadcrumb":{"@id":"https:\/\/d-nest.be\/index.php\/engagement-environnemental-et-social\/#breadcrumb"},"inLanguage":"en-US","potentialAction":[{"@type":"ReadAction","target":["https:\/\/d-nest.be\/index.php\/engagement-environnemental-et-social\/"]}]},{"@type":"ImageObject","inLanguage":"en-US","@id":"https:\/\/d-nest.be\/index.php\/engagement-environnemental-et-social\/#primaryimage","url":"https:\/\/d-nest.be\/wp-content\/uploads\/2024\/04\/Screenshot-2024-01-30-152016-800x0-c-default.png","contentUrl":"https:\/\/d-nest.be\/wp-content\/uploads\/2024\/04\/Screenshot-2024-01-30-152016-800x0-c-default.png","width":800,"height":440,"caption":"fondation contre le cancer"},{"@type":"BreadcrumbList","@id":"https:\/\/d-nest.be\/index.php\/engagement-environnemental-et-social\/#breadcrumb","itemListElement":[{"@type":"ListItem","position":1,"name":"Accueil","item":"https:\/\/d-nest.be\/"},{"@type":"ListItem","position":2,"name":"Engagement environnemental et social"}]},{"@type":"WebSite","@id":"https:\/\/d-nest.be\/#website","url":"https:\/\/d-nest.be\/","name":"D-nest","description":"","publisher":{"@id":"https:\/\/d-nest.be\/#organization"},"potentialAction":[{"@type":"SearchAction","target":{"@type":"EntryPoint","urlTemplate":"https:\/\/d-nest.be\/?s={search_term_string}"},"query-input":{"@type":"PropertyValueSpecification","valueRequired":true,"valueName":"search_term_string"}}],"inLanguage":"en-US"},{"@type":"Organization","@id":"https:\/\/d-nest.be\/#organization","name":"D-nest","url":"https:\/\/d-nest.be\/","logo":{"@type":"ImageObject","inLanguage":"en-US","@id":"https:\/\/d-nest.be\/#\/schema\/logo\/image\/","url":"https:\/\/d-nest.be\/wp-content\/uploads\/2024\/01\/3-dnest-fullcolor.png","contentUrl":"https:\/\/d-nest.be\/wp-content\/uploads\/2024\/01\/3-dnest-fullcolor.png","width":1520,"height":682,"caption":"D-nest"},"image":{"@id":"https:\/\/d-nest.be\/#\/schema\/logo\/image\/"}}]}},"_links":{"self":[{"href":"https:\/\/d-nest.be\/index.php\/wp-json\/wp\/v2\/pages\/865","targetHints":{"allow":["GET"]}}],"collection":[{"href":"https:\/\/d-nest.be\/index.php\/wp-json\/wp\/v2\/pages"}],"about":[{"href":"https:\/\/d-nest.be\/index.php\/wp-json\/wp\/v2\/types\/page"}],"author":[{"embeddable":true,"href":"https:\/\/d-nest.be\/index.php\/wp-json\/wp\/v2\/users\/1"}],"replies":[{"embeddable":true,"href":"https:\/\/d-nest.be\/index.php\/wp-json\/wp\/v2\/comments?post=865"}],"version-history":[{"count":40,"href":"https:\/\/d-nest.be\/index.php\/wp-json\/wp\/v2\/pages\/865\/revisions"}],"predecessor-version":[{"id":1797,"href":"https:\/\/d-nest.be\/index.php\/wp-json\/wp\/v2\/pages\/865\/revisions\/1797"}],"wp:attachment":[{"href":"https:\/\/d-nest.be\/index.php\/wp-json\/wp\/v2\/media?parent=865"}],"curies":[{"name":"wp","href":"https:\/\/api.w.org\/{rel}","templated":true}]}}